{"id":60828,"date":"2023-10-23T10:38:33","date_gmt":"2023-10-23T10:38:33","guid":{"rendered":"http:\/\/localhost:8080\/webimpacto\/politicas-de-privacidad\/"},"modified":"2026-03-03T11:39:57","modified_gmt":"2026-03-03T11:39:57","slug":"politica-de-privacitat","status":"publish","type":"page","link":"https:\/\/webimpacto.consulting\/ca\/politica-de-privacitat\/","title":{"rendered":"Pol\u00edtica de Privacitat"},"content":{"rendered":"\n<h3 class=\"wp-block-heading\"><span class=\"red\">1.<\/span>&nbsp;Qui \u00e9s el responsable del tractament de les seves dades?<\/h3>\n\n\n\n<p><strong>Dades de contacte del responsable:<\/strong><\/p>\n\n\n\n<ul class=\"wp-block-list\">\n<li>Nom complet: Webimpacto Consulting, S.L<\/li>\n\n\n\n<li>Domicili social: C\/ Plas\u00e8ncia 1-17, 28935, M\u00f3stoles (Madrid)<\/li>\n\n\n\n<li>CIF: B45814670<\/li>\n<\/ul>\n\n\n\n<p><strong>Dades de contacte de la persona que exerceix funcions de responsable de protecci\u00f3 de dades (Comit\u00e8 de Seguretat):<\/strong><\/p>\n\n\n\n<ul class=\"wp-block-list\">\n<li>Pot contactar en el seg\u00fcent tel\u00e8fon<a href=\"tel:(+34)672022687\">\u00a0(+34) 672 02 26 87<\/a>\u00a0i\/o a trav\u00e9s de correu electr\u00f2nic:\u00a0<a href=\"mailto:privacidad@webimpacto.es\">privacidad@webimpacto.es<\/a>.<\/li>\n<\/ul>\n\n\n\n<h3 class=\"wp-block-heading\"><span class=\"red\">2.<\/span>&nbsp;Abast de la pol\u00edtica<\/h3>\n\n\n\n<p>Quan accedeix i usa aquesta web o utilitzes qualsevol altre mitj\u00e0 que suposi tractament de dades personals es compromet a acceptar aquesta Pol\u00edtica de Privacitat, aix\u00ed com les disposicions contingudes en les Condicions Legals (Av\u00eds Legal) i la Pol\u00edtica de Cookies.<\/p>\n\n\n\n<p>A WEBIMPACTO li proporcionem informaci\u00f3 perqu\u00e8, amb car\u00e0cter previ a l&#8217;emplenament de les seves dades personals, pugui accedir a la Pol\u00edtica de Privacitat i a qualsevol altra informaci\u00f3 rellevant en mat\u00e8ria de Protecci\u00f3 de Dades.<\/p>\n\n\n\n<h3 class=\"wp-block-heading\"><span class=\"red\">3.<\/span> Principis fonamentals<\/h3>\n\n\n\n<ul class=\"wp-block-list\">\n<li>Mai sol\u00b7licitarem informaci\u00f3 personal tret que realment sigui necess\u00e0ria per a prestar els serveis que siguin requerits.<\/li>\n\n\n\n<li>Mai compartirem informaci\u00f3 personal dels usuaris amb ning\u00fa, excepte per a complir amb la llei o en cas que compti amb la seva autoritzaci\u00f3 expressa.<\/li>\n\n\n\n<li>Mai utilitzem les seves dades personals amb una finalitat diferent de l&#8217;expressada en aquesta pol\u00edtica de privacitat.<\/li>\n<\/ul>\n\n\n\n<h3 class=\"wp-block-heading\"><span class=\"red\">4.<\/span>&nbsp;Per a qu\u00e8 utilizarem les dades<\/h3>\n\n\n\n<p>Quan accedeix i usa aquesta web o utilitzes qualsevol altre mitj\u00e0 que suposi tractament de dades personals es compromet a acceptar aquesta Pol\u00edtica de Privacitat, aix\u00ed com les disposicions contingudes en les Condicions Legals (Av\u00eds Legal) i la Pol\u00edtica de Cookies.<\/p>\n\n\n\n<p>A WEBIMPACTO li proporcionem informaci\u00f3 perqu\u00e8, amb car\u00e0cter previ a l&#8217;emplenament de les seves dades personals, pugui accedir a la Pol\u00edtica de Privacitat i a qualsevol altra informaci\u00f3 rellevant en mat\u00e8ria de Protecci\u00f3 de Dades.<\/p>\n\n\n\n<h3 class=\"wp-block-heading\"><span class=\"red\">5.<\/span>&nbsp;Quan necessitarem les seves dades<\/h3>\n\n\n\n<p>WEBIMPACTO respecta al m\u00e0xim la seva privacitat com a client. Recollim la informaci\u00f3 personal necess\u00e0ria per a la gesti\u00f3 i manteniment d&#8217;alguns dels nostres serveis, aix\u00ed com per a altres finalitats establertes en aquesta Pol\u00edtica de Privacitat.<br><br><strong>WEBIMPACTO tracta les seves dades personals amb les seg\u00fcents finalitats:<\/strong><\/p>\n\n\n\n<ul class=\"wp-block-list\">\n<li>CONTRACTUAL: (i) Contractar, mantenir i revisar el compliment dels serveis que tingui contractats amb WEBIMPACTO i totes les gestions que de la relaci\u00f3 contractual es deriven.<\/li>\n\n\n\n<li>CONSENTIMENT: (i) Qualsevol acci\u00f3 de m\u00e0rqueting i comercial que es dugui a terme a trav\u00e9s de qualsevol mitj\u00e0, inclosos els telem\u00e0tics (ii) per a la gesti\u00f3 i tractament de candidats a llocs de treball.<\/li>\n\n\n\n<li>INTER\u00c8S LEG\u00cdTIM: (i) Per a la posada en marxa d&#8217;accions comercials, (ii) Tamb\u00e9 per a la prevenci\u00f3, recerca i detecci\u00f3 del frau (iii) per a enviar recomanacions de productes i serveis tenint en compte els que hagi contractat en el passat.<\/li>\n<\/ul>\n\n\n\n<h3 class=\"wp-block-heading\"><span class=\"red\">6.<\/span> Es comunicaran les seves dades a altres destinataris<\/h3>\n\n\n\n<ul class=\"wp-block-list\">\n<li>Per a donar-li d&#8217;alta com a client en WEBIMPACTO.<\/li>\n\n\n\n<li>Per a requerir qualsevol dels serveis i\/o productes que oferim.<\/li>\n\n\n\n<li>Per a gestionar sol\u00b7licituds de candidats a treballar amb nosaltres o amb empreses col\u00b7laboradores.<\/li>\n\n\n\n<li>Per a atendre les consultes que ens facin arribar.<\/li>\n<\/ul>\n\n\n\n<h3 class=\"wp-block-heading\"><span class=\"red\">7.<\/span>&nbsp;Durante cu\u00e1nto conservaremos su informaci\u00f3n personal<\/h3>\n\n\n\n<p>El per\u00edode de conservaci\u00f3 de les dades personals variar\u00e0 en funci\u00f3 del servei que pugui arribar a contractar. En qualsevol cas, es conservaran les seves dades durant la vig\u00e8ncia de la relaci\u00f3 comercial \/ contractual. Una vegada finalitzada aquesta, mantindrem les seves dades bloquejades durant els terminis de prescripci\u00f3 de les obligacions que hagin pogut n\u00e9ixer del tractament i\/o els terminis legals aplicables, quedant a la disposici\u00f3 de les autoritats competents, per a l&#8217;atenci\u00f3 de les possibles responsabilitats nascudes del tractament.<\/p>\n\n\n\n<h3 class=\"wp-block-heading\"><span class=\"red\">8.<\/span>&nbsp;Com pot exercir els seus drets<\/h3>\n\n\n\n<p>Com a titular dels drets de la seva informaci\u00f3 personal, t\u00e9 el control sobre aquestes dades. D&#8217;aquesta manera, tamb\u00e9 ens assegurem que la informaci\u00f3 sigui precisa i vera\u00e7.<br><br><strong>Els drets que pot exercitar s\u00f3n:<\/strong><\/p>\n\n\n\n<ul class=\"wp-block-list\">\n<li>Dret d&#8217;Acc\u00e9s: podr\u00e0 consultar si estem tractant dades personals que el concerneixen en WEBIMPACTO.<\/li>\n\n\n\n<li>Dret de Rectificaci\u00f3 i Supressi\u00f3: podr\u00e0 accedir a la seva informaci\u00f3 personal i sol\u00b7licitar la rectificaci\u00f3 o supressi\u00f3 de les seves dades quan siguin inexactes o consideri que ja no s\u00f3n necessaris per als fins que van ser recollits. &nbsp; &nbsp;<\/li>\n\n\n\n<li>Dret d&#8217;oposici\u00f3: podr\u00e0 oposar-se al tractament de les seves dades, tret que, per motius leg\u00edtims imperiosos, o en l&#8217;exercici o defensa de possibles reclamacions, els mantinguem degudament bloquejats durant els terminis corresponents en tant subsisteixin les obligacions legals. &nbsp;<\/li>\n\n\n\n<li>Dret de Limitaci\u00f3 al tractament: podr\u00e0 sol\u00b7licitar la limitaci\u00f3 del tractament de la seva informaci\u00f3 personal mentre es comprova la impugnaci\u00f3 de l&#8217;exactitud o licitud de les seves dades, durant l&#8217;exercici o defensa de possibles reclamacions o litigis. &nbsp;<\/li>\n\n\n\n<li>Dret de Portabilitat: podr\u00e0 sol\u00b7licitar la portabilitat de les dades que ens ha facilitat a un altre responsable de tractament, en determinades circumst\u00e0ncies.<\/li>\n<\/ul>\n\n\n\n<p>Vost\u00e8 podr\u00e0 exercir els seus drets sense cap cost.<br><br><strong>Com pot reclamar davant l&#8217;Autoritat de Control?<\/strong><br><br>Si un usuari considera que hi ha un problema amb la forma en qu\u00e8 WEBIMPACTO est\u00e0 manejant les seves dades, pot dirigir les seves reclamacions al responsable de privacitat o a l&#8217;autoritat de control en protecci\u00f3 de dades que correspongui, sent l&#8217;Ag\u00e8ncia Espanyola de Protecci\u00f3 de Dades la indicada en el cas d&#8217;Espanya.<\/p>\n\n\n\n<h3 class=\"wp-block-heading\"><span class=\"red\">9.<\/span>&nbsp;Seguretat<\/h3>\n\n\n\n<p>En WEBIMPACTO mantenim els m\u00e9s alts nivells de seguretat exigits per la Llei per a protegir les teves dades de car\u00e0cter personal enfront de p\u00e8rdues fortu\u00eftes i a accessos, tractaments o revelacions no autoritzats, tenint en compte de l&#8217;estat de la tecnologia, la naturalesa de les dades emmagatzemades i els riscos al fet que estan exposats.<br><br>Quan rebem les teves dades, utilitzem rigorosos procediments i funcions de seguretat per a impedir qualsevol acc\u00e9s no autoritzat. Les accions descrites en aquesta secci\u00f3 i destinades a garantir un nivell de seguretat adequat per al risc detectat inclouran, si fos necessari, les seg\u00fcents mesures:<\/p>\n\n\n\n<ul class=\"wp-block-list\">\n<li>Seudonimizaci\u00f3n i el xifratge de dades personals.<\/li>\n\n\n\n<li>Mesures capaces de garantir la confidencialitat, integritat, disponibilitat i resili\u00e8ncia permanents dels sistemes i serveis de tractament.<\/li>\n\n\n\n<li>Mesures capaces de restaurar la disponibilitat i l&#8217;acc\u00e9s a les dades personals de manera r\u00e0pida en cas d&#8217;incident f\u00edsic o t\u00e8cnic.<\/li>\n\n\n\n<li>Exist\u00e8ncia d&#8217;un proc\u00e9s de verificaci\u00f3, avaluaci\u00f3 i valoraci\u00f3 regulars de l&#8217;efic\u00e0cia de les mesures t\u00e8cniques i organitzatives per a garantir la seguretat del tractament.<\/li>\n\n\n\n<li>Avaluaci\u00f3 peri\u00f2dica del risc de destrucci\u00f3, p\u00e8rdua o alteraci\u00f3 accidental o il\u00b7l\u00edcita de dades personals transmeses, conservats o tractats d&#8217;una altra forma, o la comunicaci\u00f3 o acc\u00e9s no autoritzats a aquestes dades.<\/li>\n\n\n\n<li>Mesures per a garantir que qualsevol persona que actu\u00ef sota l&#8217;autoritat de WEBIMPACTO i tingui acc\u00e9s a dades personals nom\u00e9s pugui tractar aquestes dades seguint instruccions de WEBIMPACTO.<\/li>\n<\/ul>\n\n\n\n<h3 class=\"wp-block-heading\"><span class=\"red\">10.<\/span> Confidencialitat<\/h3>\n\n\n\n<p>Les dades personals que es puguin recollir seran tractats amb absoluta confidencialitat, comprometent-nos a guardar secret respecte dels mateixos i garantint el deure de guardar-los adoptant totes les mesures necess\u00e0ries que evitin la seva alteraci\u00f3, p\u00e8rdua i tractament o acc\u00e9s no autoritzat, d&#8217;acord amb el que s&#8217;estableix en la legislaci\u00f3 aplicable.<\/p>\n\n\n\n<h3 class=\"wp-block-heading\"><span class=\"red\">11.<\/span>&nbsp;Acceptaci\u00f3 i consentiment<\/h3>\n\n\n\n<p>L&#8217;usuari declara haver estat informat de les condicions sobre protecci\u00f3 de dades de car\u00e0cter personal, acceptant i consentint el tractament dels mateixos per part de WEBIMPACTO en la forma i per a les finalitats indicades en aquesta pol\u00edtica de privacitat.<\/p>\n\n\n\n<h3 class=\"wp-block-heading\"><span class=\"red\">12.<\/span>&nbsp;Canvis en la pol\u00edtica de privacitat<\/h3>\n\n\n\n<p>WEBIMPACTO, es reserva el dret a modificar la present pol\u00edtica per a adaptar-la a novetats legislatives o jurisprudencials, aix\u00ed com a pr\u00e0ctiques del sector. En aquests sup\u00f2sits, WEBIMPACTO anunciar\u00e0 en aquesta p\u00e0gina els canvis introdu\u00efts amb raonable antelaci\u00f3 a la seva posada en pr\u00e0ctica.<\/p>\n\n\n\n<h3 class=\"wp-block-heading\"><span class=\"red\">13.<\/span>&nbsp;Correus comercials<\/h3>\n\n\n\n<p>D&#8217;acord amb la LSSICE, WEBIMPACTO no realitza pr\u00e0ctiques de SPAM, per la qual cosa no envia correus comercials per via electr\u00f2nica que no hagin estat pr\u00e8viament sol\u00b7licitats o autoritzats per l&#8217;usuari. En conseq\u00fc\u00e8ncia, en cadascun dels formularis haguts en la web, l&#8217;usuari t\u00e9 la possibilitat de donar el seu consentiment expr\u00e9s per a rebre el butllet\u00ed, amb independ\u00e8ncia de la informaci\u00f3 comercial puntualment sol\u00b7licitada. Conforme al que es disposa en la Llei 34\/2002 de Serveis de la Societat de la Informaci\u00f3 i de comer\u00e7 electr\u00f2nic, WEBIMPACTO compromet a no enviar comunicacions de car\u00e0cter comercial sense identificar-les degudament.<\/p>\n\n\n\n<h3 class=\"wp-block-heading\"><span class=\"red\">14.<\/span>&nbsp;Responsabilitat<\/h3>\n\n\n\n<p>L&#8217;usuari ser\u00e0 l&#8217;\u00fanic responsable a causa de l&#8217;emplenament dels formularis amb dades falses, inexactes, incomplets o no actualitzats.<\/p>\n\n\n\n<h3 class=\"wp-block-heading\"><span class=\"red\">15.<\/span>&nbsp;Cookies<\/h3>\n\n\n\n<p>El nostre lloc web utilitza &#8220;cookies&#8221; per a recaptar informaci\u00f3 sobre la forma d&#8217;utilitzaci\u00f3 del Lloc web. Si desitges obtenir informaci\u00f3 m\u00e9s detallada sobre com WEBIMPACTO utilitza les cookies, consulta la&nbsp;<a href=\"https:\/\/webimpacto.consulting\/ca\/politica-de-cookies\/\" data-type=\"page\" data-id=\"60784\">Pol\u00edtica de Cookies<\/a>.<\/p>\n","protected":false},"excerpt":{"rendered":"<p>1.&nbsp;Qui \u00e9s el responsable del tractament de les seves dades? Dades de contacte del responsable: Dades de contacte de la persona que exerceix funcions de responsable de protecci\u00f3 de dades (Comit\u00e8 de Seguretat): 2.&nbsp;Abast de la pol\u00edtica Quan accedeix i usa aquesta web o utilitzes qualsevol altre mitj\u00e0 que suposi tractament de dades personals es [&hellip;]<\/p>\n","protected":false},"author":1,"featured_media":0,"parent":0,"menu_order":0,"comment_status":"closed","ping_status":"closed","template":"page-legal.php","meta":{"_acf_changed":false,"inline_featured_image":false,"footnotes":""},"class_list":["post-60828","page","type-page","status-publish","hentry"],"acf":[],"yoast_head":"<!-- This site is optimized with the Yoast SEO plugin v25.7 - https:\/\/yoast.com\/wordpress\/plugins\/seo\/ -->\n<title>Pol\u00edtica de Privacitat | Webimpacto<\/title>\n<meta name=\"robots\" content=\"index, follow, max-snippet:-1, max-image-preview:large, max-video-preview:-1\" \/>\n<link rel=\"canonical\" href=\"https:\/\/webimpacto.consulting\/ca\/politica-de-privacitat\/\" \/>\n<meta property=\"og:locale\" content=\"ca_ES\" \/>\n<meta property=\"og:type\" content=\"article\" \/>\n<meta property=\"og:title\" content=\"Pol\u00edtica de Privacitat | Webimpacto\" \/>\n<meta property=\"og:description\" content=\"1.&nbsp;Qui \u00e9s el responsable del tractament de les seves dades? Dades de contacte del responsable: Dades de contacte de la persona que exerceix funcions de responsable de protecci\u00f3 de dades (Comit\u00e8 de Seguretat): 2.&nbsp;Abast de la pol\u00edtica Quan accedeix i usa aquesta web o utilitzes qualsevol altre mitj\u00e0 que suposi tractament de dades personals es [&hellip;]\" \/>\n<meta property=\"og:url\" content=\"https:\/\/webimpacto.consulting\/ca\/politica-de-privacitat\/\" \/>\n<meta property=\"og:site_name\" content=\"Webimpacto\" \/>\n<meta property=\"article:modified_time\" content=\"2026-03-03T11:39:57+00:00\" \/>\n<meta property=\"og:image\" content=\"https:\/\/webimpacto.consulting\/wp-content\/uploads\/2023\/11\/screenshot.png\" \/>\n\t<meta property=\"og:image:width\" content=\"1421\" \/>\n\t<meta property=\"og:image:height\" content=\"774\" \/>\n\t<meta property=\"og:image:type\" content=\"image\/png\" \/>\n<meta name=\"twitter:card\" content=\"summary_large_image\" \/>\n<meta name=\"twitter:label1\" content=\"Temps estimat de lectura\" \/>\n\t<meta name=\"twitter:data1\" content=\"7 minuts\" \/>\n<script type=\"application\/ld+json\" class=\"yoast-schema-graph\">{\"@context\":\"https:\/\/schema.org\",\"@graph\":[{\"@type\":\"WebPage\",\"@id\":\"https:\/\/webimpacto.consulting\/ca\/politica-de-privacitat\/\",\"url\":\"https:\/\/webimpacto.consulting\/ca\/politica-de-privacitat\/\",\"name\":\"Pol\u00edtica de Privacitat | Webimpacto\",\"isPartOf\":{\"@id\":\"https:\/\/webimpacto.consulting\/ca\/#website\"},\"datePublished\":\"2023-10-23T10:38:33+00:00\",\"dateModified\":\"2026-03-03T11:39:57+00:00\",\"breadcrumb\":{\"@id\":\"https:\/\/webimpacto.consulting\/ca\/politica-de-privacitat\/#breadcrumb\"},\"inLanguage\":\"ca\",\"potentialAction\":[{\"@type\":\"ReadAction\",\"target\":[\"https:\/\/webimpacto.consulting\/ca\/politica-de-privacitat\/\"]}]},{\"@type\":\"BreadcrumbList\",\"@id\":\"https:\/\/webimpacto.consulting\/ca\/politica-de-privacitat\/#breadcrumb\",\"itemListElement\":[{\"@type\":\"ListItem\",\"position\":1,\"name\":\"Portada\",\"item\":\"https:\/\/webimpacto.consulting\/ca\/\"},{\"@type\":\"ListItem\",\"position\":2,\"name\":\"Pol\u00edtica de Privacitat\"}]},{\"@type\":\"WebSite\",\"@id\":\"https:\/\/webimpacto.consulting\/ca\/#website\",\"url\":\"https:\/\/webimpacto.consulting\/ca\/\",\"name\":\"Webimpacto Consulting S.L.\",\"description\":\"Consultora Estrat\u00e8gica de Negoci Digital\",\"publisher\":{\"@id\":\"https:\/\/webimpacto.consulting\/ca\/#organization\"},\"potentialAction\":[{\"@type\":\"SearchAction\",\"target\":{\"@type\":\"EntryPoint\",\"urlTemplate\":\"https:\/\/webimpacto.consulting\/ca\/?s={search_term_string}\"},\"query-input\":{\"@type\":\"PropertyValueSpecification\",\"valueRequired\":true,\"valueName\":\"search_term_string\"}}],\"inLanguage\":\"ca\"},{\"@type\":\"Organization\",\"@id\":\"https:\/\/webimpacto.consulting\/ca\/#organization\",\"name\":\"Webimpacto Consulting S.L.\",\"url\":\"https:\/\/webimpacto.consulting\/ca\/\",\"logo\":{\"@type\":\"ImageObject\",\"inLanguage\":\"ca\",\"@id\":\"https:\/\/webimpacto.consulting\/ca\/#\/schema\/logo\/image\/\",\"url\":\"https:\/\/webimpacto.consulting\/wp-content\/uploads\/2023\/10\/logo-color.svg\",\"contentUrl\":\"https:\/\/webimpacto.consulting\/wp-content\/uploads\/2023\/10\/logo-color.svg\",\"width\":223,\"height\":29,\"caption\":\"Webimpacto Consulting S.L.\"},\"image\":{\"@id\":\"https:\/\/webimpacto.consulting\/ca\/#\/schema\/logo\/image\/\"},\"sameAs\":[\"https:\/\/www.linkedin.com\/company\/webimpacto-consulting-sl\/\"]}]}<\/script>\n<!-- \/ Yoast SEO plugin. -->","yoast_head_json":{"title":"Pol\u00edtica de Privacitat | Webimpacto","robots":{"index":"index","follow":"follow","max-snippet":"max-snippet:-1","max-image-preview":"max-image-preview:large","max-video-preview":"max-video-preview:-1"},"canonical":"https:\/\/webimpacto.consulting\/ca\/politica-de-privacitat\/","og_locale":"ca_ES","og_type":"article","og_title":"Pol\u00edtica de Privacitat | Webimpacto","og_description":"1.&nbsp;Qui \u00e9s el responsable del tractament de les seves dades? Dades de contacte del responsable: Dades de contacte de la persona que exerceix funcions de responsable de protecci\u00f3 de dades (Comit\u00e8 de Seguretat): 2.&nbsp;Abast de la pol\u00edtica Quan accedeix i usa aquesta web o utilitzes qualsevol altre mitj\u00e0 que suposi tractament de dades personals es [&hellip;]","og_url":"https:\/\/webimpacto.consulting\/ca\/politica-de-privacitat\/","og_site_name":"Webimpacto","article_modified_time":"2026-03-03T11:39:57+00:00","og_image":[{"width":1421,"height":774,"url":"https:\/\/webimpacto.consulting\/wp-content\/uploads\/2023\/11\/screenshot.png","type":"image\/png"}],"twitter_card":"summary_large_image","twitter_misc":{"Temps estimat de lectura":"7 minuts"},"schema":{"@context":"https:\/\/schema.org","@graph":[{"@type":"WebPage","@id":"https:\/\/webimpacto.consulting\/ca\/politica-de-privacitat\/","url":"https:\/\/webimpacto.consulting\/ca\/politica-de-privacitat\/","name":"Pol\u00edtica de Privacitat | Webimpacto","isPartOf":{"@id":"https:\/\/webimpacto.consulting\/ca\/#website"},"datePublished":"2023-10-23T10:38:33+00:00","dateModified":"2026-03-03T11:39:57+00:00","breadcrumb":{"@id":"https:\/\/webimpacto.consulting\/ca\/politica-de-privacitat\/#breadcrumb"},"inLanguage":"ca","potentialAction":[{"@type":"ReadAction","target":["https:\/\/webimpacto.consulting\/ca\/politica-de-privacitat\/"]}]},{"@type":"BreadcrumbList","@id":"https:\/\/webimpacto.consulting\/ca\/politica-de-privacitat\/#breadcrumb","itemListElement":[{"@type":"ListItem","position":1,"name":"Portada","item":"https:\/\/webimpacto.consulting\/ca\/"},{"@type":"ListItem","position":2,"name":"Pol\u00edtica de Privacitat"}]},{"@type":"WebSite","@id":"https:\/\/webimpacto.consulting\/ca\/#website","url":"https:\/\/webimpacto.consulting\/ca\/","name":"Webimpacto Consulting S.L.","description":"Consultora Estrat\u00e8gica de Negoci Digital","publisher":{"@id":"https:\/\/webimpacto.consulting\/ca\/#organization"},"potentialAction":[{"@type":"SearchAction","target":{"@type":"EntryPoint","urlTemplate":"https:\/\/webimpacto.consulting\/ca\/?s={search_term_string}"},"query-input":{"@type":"PropertyValueSpecification","valueRequired":true,"valueName":"search_term_string"}}],"inLanguage":"ca"},{"@type":"Organization","@id":"https:\/\/webimpacto.consulting\/ca\/#organization","name":"Webimpacto Consulting S.L.","url":"https:\/\/webimpacto.consulting\/ca\/","logo":{"@type":"ImageObject","inLanguage":"ca","@id":"https:\/\/webimpacto.consulting\/ca\/#\/schema\/logo\/image\/","url":"https:\/\/webimpacto.consulting\/wp-content\/uploads\/2023\/10\/logo-color.svg","contentUrl":"https:\/\/webimpacto.consulting\/wp-content\/uploads\/2023\/10\/logo-color.svg","width":223,"height":29,"caption":"Webimpacto Consulting S.L."},"image":{"@id":"https:\/\/webimpacto.consulting\/ca\/#\/schema\/logo\/image\/"},"sameAs":["https:\/\/www.linkedin.com\/company\/webimpacto-consulting-sl\/"]}]}},"_links":{"self":[{"href":"https:\/\/webimpacto.consulting\/ca\/wp-json\/wp\/v2\/pages\/60828","targetHints":{"allow":["GET"]}}],"collection":[{"href":"https:\/\/webimpacto.consulting\/ca\/wp-json\/wp\/v2\/pages"}],"about":[{"href":"https:\/\/webimpacto.consulting\/ca\/wp-json\/wp\/v2\/types\/page"}],"author":[{"embeddable":true,"href":"https:\/\/webimpacto.consulting\/ca\/wp-json\/wp\/v2\/users\/1"}],"replies":[{"embeddable":true,"href":"https:\/\/webimpacto.consulting\/ca\/wp-json\/wp\/v2\/comments?post=60828"}],"version-history":[{"count":1,"href":"https:\/\/webimpacto.consulting\/ca\/wp-json\/wp\/v2\/pages\/60828\/revisions"}],"predecessor-version":[{"id":69056,"href":"https:\/\/webimpacto.consulting\/ca\/wp-json\/wp\/v2\/pages\/60828\/revisions\/69056"}],"wp:attachment":[{"href":"https:\/\/webimpacto.consulting\/ca\/wp-json\/wp\/v2\/media?parent=60828"}],"curies":[{"name":"wp","href":"https:\/\/api.w.org\/{rel}","templated":true}]}}