{"id":60816,"date":"2023-10-23T13:11:00","date_gmt":"2023-10-23T13:11:00","guid":{"rendered":"http:\/\/localhost:8080\/webimpacto\/sobre-nosotros\/"},"modified":"2025-12-22T15:15:54","modified_gmt":"2025-12-22T15:15:54","slug":"sobre-nosaltres","status":"publish","type":"page","link":"https:\/\/webimpacto.consulting\/ca\/sobre-nosaltres\/","title":{"rendered":"Sobre nosaltres"},"content":{"rendered":"<div id=\"about-us-top\" class=\"container-fluid px-0\">\n\t\n    <div class=\"row\">\n\n        <div class=\"col-12\">\n            <div class=\"container\">\n                <div class=\"row mb-lg-5 mb-md-0 mb-sm-0 mb-0\">\n                    <div class=\"mt-md-0 mt-sm-3 mt-3 order-md-0 order-sm-1 order-1 offset-lg-1 offset-md-0 offset-sm-0 offset-0 col-lg-5 col-md-6 col-sm-12 col-12 d-flex flex-column align-items-start justify-content-center\">\n                        <img decoding=\"async\" src=\"https:\/\/webimpacto.consulting\/wp-content\/uploads\/2023\/10\/office_img_111.jpg\" alt=\"\" class=\"w-100 wow fadeInLeft\">\n                    <\/div>\n\n                    <div class=\"order-md-1 order-sm-0 order-0 col-lg-5 col-md-6 col-sm-12 col-12 d-flex flex-column align-items-center justify-content-center pe-lg-5 pe-md-3 pe-sm-auto pe-auto position-relative\">\n                        <h2 class=\"display-2 text-center wow fadeInUp\">Qui som?<\/h2>\n                        <img decoding=\"async\" src=\"https:\/\/webimpacto.consulting\/wp-content\/uploads\/2023\/10\/office_img_2.jpg\" alt=\"\" class=\"w-100 wow fadeInRight\">\n                    <\/div>\n                <\/div>\n\n                <div class=\"row pt-5 pb-5\">\n                    <div class=\"offset-lg-1 offset-md-0 offset-sm-0 offset-0 col-lg-5 col-md-6 col-sm-12 col-12 d-block position-relative text-center\">\n                        <h2 class=\"big sticky-top d-block wow fadeInLeft\">Per a oferir el millor treballem amb els millors. M\u00e9s de 100 professionals especialitzats, al teu servei<\/h2>\n                    <\/div>\n\n                    <div class=\"col-lg-5 col-md-6 col-sm-12 col-12 d-flex flex-column align-items-center justify-content-center ps-lg-0 ps-md-0 ps-sm-auto ps-auto position-relative wow fadeInRight\">\n                        <p>Tot va comen\u00e7ar un mes de setembre de 2009. Des de llavors hem treballat intensament motivats per la il\u00b7lusi\u00f3 d&#8217;arribar a ser la millor consultora estrat\u00e8gica de serveis de tecnologia i\u00a0<strong>m\u00e0rqueting digital<\/strong>\u00a0del mercat.<br \/>\nAvui dia, la fam\u00edlia de Webimpacto va creixent i ja som un equip de m\u00e9s de 100 professionals entre els quals es troben experts en\u00a0<strong>Vtex<\/strong>,\u00a0<strong>Prestashop<\/strong>,\u00a0<strong>Magento<\/strong>,\u00a0<strong>React<\/strong>\u00a0i\u00a0<strong>Shopify<\/strong>,\u00a0<strong>dissenyadors web, programadors, maquetadors, consultors SEO<\/strong>\u00a0i experts en\u00a0<strong>m\u00e0rqueting digital i Apps<\/strong>.<\/p>\n<p>Comptem amb oficines a Toledo, Barcelona, Hongria i Serbia. A m\u00e9s i gr\u00e0cies a l&#8217;esfor\u00e7 del nostre equip, ens hem convertit en l&#8217;empresa m\u00e9s innovadora i amb major capacitat de desenvolupament del mercat, aconseguint atreure clients no sols nacionals, sin\u00f3 tamb\u00e9 internacionals, des de pa\u00efsos com els Estats Units, Fran\u00e7a i Alemanya.<br \/>\nUn clar exemple del nostre treball, esfor\u00e7 i \u00e8xit s\u00f3n totes les nostres botigues online premiades.<\/p>\n<p>Visita nostre portfoli i descobreix els nostres casos d&#8217;\u00e8xit!<\/p>\n                    <\/div>\n                <\/div>\n            <\/div>\n        <\/div>\n\n\t<\/div>\n\n<\/div>\n\n<div id=\"cols-title\" class=\"container-fluid px-0\" style=\"background: #f5f5f5;\">\n\n            <div class=\"row\">\n            <div class=\"col-lg-6 col-md-8 col-sm-12 col-12 offset-lg-3 offset-md-2 offset-sm-0 offset-0 text-center\">\n                <h2 class=\"mb-5 big wow fadeInDown\">Els nostres <span class=\"red\">valors<\/span> s\u00f3n presents en tot el que fem<\/h2>\n                <p class=\"wow fadeInDown\"><\/p>\n            <\/div>\n        <\/div>\n    \t\n    <div class=\"row\">\n\n        <div class=\"col-12\">\n            <div class=\"container\">\n                <div class=\"row\">\n                                                                                            <div data-wow-delay=\"0s\" class=\"wow fadeInDown col-lg-3 col-md-6 col-sm-12 col-12 d-flex flex-column align-items-md-start align-items-sm-center align-items-center justify-content-start mb-md-0 mb-sm-4 mb-4 text-md-start text-sm-center text-center\">\n                                                                    <img decoding=\"async\" src=\"https:\/\/webimpacto.consulting\/wp-content\/uploads\/2023\/11\/heart.png\" alt=\"\">\n                                                                                                    <p class=\"h5\">Servei<\/p>\n                                    <p class=\"boxed\" >Centrem els nostres esfor\u00e7os a fer cr\u00e9ixer els negocis dels nostres clients, implementant les millors solucions per a satisfer les seves necessitats, estant sempre al seu costat.<\/p>\n                                                            <\/div>\n                                                    <div data-wow-delay=\"0.1s\" class=\"wow fadeInDown col-lg-3 col-md-6 col-sm-12 col-12 d-flex flex-column align-items-md-start align-items-sm-center align-items-center justify-content-start mb-md-0 mb-sm-4 mb-4 text-md-start text-sm-center text-center\">\n                                                                    <img decoding=\"async\" src=\"https:\/\/webimpacto.consulting\/wp-content\/uploads\/2023\/11\/62d117132a71cc7a0a9cfebf_Vector-1.svg\" alt=\"\">\n                                                                                                    <p class=\"h5\">Responsabilitat<\/p>\n                                    <p class=\"boxed\" >Ens comprometem amb els projectes dels nostres clients, responsabilitzant-nos de la correcta implementaci\u00f3 de les solucions que oferim.<\/p>\n                                                            <\/div>\n                                                    <div data-wow-delay=\"0.2s\" class=\"wow fadeInDown col-lg-3 col-md-6 col-sm-12 col-12 d-flex flex-column align-items-md-start align-items-sm-center align-items-center justify-content-start mb-md-0 mb-sm-4 mb-4 text-md-start text-sm-center text-center\">\n                                                                    <img decoding=\"async\" src=\"https:\/\/webimpacto.consulting\/wp-content\/uploads\/2023\/11\/62d11713c5c44796666f07fb_Vector-2.svg\" alt=\"\">\n                                                                                                    <p class=\"h5\">Qualitat<\/p>\n                                    <p class=\"boxed\" >Cada detall \u00e9s important per a assegurar l&#8217;\u00e8xit dels objectius dels nostres clients.<\/p>\n                                                            <\/div>\n                                                    <div data-wow-delay=\"0.3s\" class=\"wow fadeInDown col-lg-3 col-md-6 col-sm-12 col-12 d-flex flex-column align-items-md-start align-items-sm-center align-items-center justify-content-start mb-md-0 mb-sm-4 mb-4 text-md-start text-sm-center text-center\">\n                                                                    <img decoding=\"async\" src=\"https:\/\/webimpacto.consulting\/wp-content\/uploads\/2023\/11\/62d117144995fa4e53cefd9b_Vector-3.svg\" alt=\"\">\n                                                                                                    <p class=\"h5\">Passi\u00f3<\/p>\n                                    <p class=\"boxed\" >Gaudim amb el que fem, millorant i superant els objectius compartits com un equip.<\/p>\n                                                            <\/div>\n                                                            <\/div>\n            <\/div>\n        <\/div>\n\n\t<\/div>\n\n<\/div>\n\n<div id=\"customizable-cols\" class=\"container-fluid px-0 pb-0 \">\n\t\n    <div class=\"row\">\n\n        <div class=\"col-12\">\n            <div class=\"container\">\n                                                    <div class=\"row\">\n                        <div class=\"col-lg-6 col-md-12 col-sm-12 col-12  px-lg-5 px-md-3 px-sm-auto px-auto images-grid\">\n                                                            <img decoding=\"async\" src=\"https:\/\/webimpacto.consulting\/wp-content\/uploads\/2023\/11\/62d10e099db3dd1387fdd9aa_david-boss-400x400-7.jpg\" class=\"wow zoomIn\" data-wow-delay=\"0s\" alt=\"\">\n                                                            <img decoding=\"async\" src=\"https:\/\/webimpacto.consulting\/wp-content\/uploads\/2023\/11\/62d10e0a68ea1643ad249abb_david-boss-400x400-9.jpg\" class=\"wow zoomIn\" data-wow-delay=\"0s\" alt=\"\">\n                                                            <img decoding=\"async\" src=\"https:\/\/webimpacto.consulting\/wp-content\/uploads\/2023\/11\/62d10e0a89927a3c87ee88a3_david-boss-400x400-8-p-500.jpg\" class=\"wow zoomIn\" data-wow-delay=\"0s\" alt=\"\">\n                                                    <\/div>\n\n                        <div class=\"mt-lg-0 mt-md-5 mt-sm-5 mt-5 col-lg-6 col-md-12 col-sm-12 col-12 d-flex flex-column align-items-center justify-content-center position-relative\">\n                            <p class=\"h2 big text-center mb-lg-5 mb-md-3 mb-sm-3 mb-3\">Els nostres <span class=\"red\">objectius<\/span><\/p>\n                                                            <p class=\"desc wow fadeInDown \">Per a tots els membres de Webimpacto, la satisfacci\u00f3 del client i l&#8217;\u00e8xit del seu negoci \u00e9s l&#8217;objectiu com\u00fa. Treballem per i per a aconseguir-los, amb cada acci\u00f3 que duem a terme des de qualsevol dels nostres departaments. El nostre nivell de comprom\u00eds \u00e9s tan elevat que vivim i gaudim com a propis cada petit pas cap a l&#8217;\u00e8xit dels nostres clients.<br \/>\r\n\u200d<br \/>\r\nSom un \u00fanic equip que vela perqu\u00e8 la teva marca creixi i multipliqui les seves vendes cada dia. En definitiva, el nostre treball consisteix a millorar els teus resultats.<\/p>\n                                                                                        <div class=\"heading-text wow fadeInDown\">\n                                    <h3 class=\"red\">Per\u00f2&#8230; com ho fem?  <br>La nostra manera de pensar i actuar, m\u00e9s enll\u00e0 del know-how empresarial<\/h3>\n                                <\/div>\n                                                                                <\/div>\n                    <\/div>\n                            <\/div>\n        <\/div>\n\n\t<\/div>\n\n<\/div>\n\n<div id=\"customizable-cols\" class=\"container-fluid px-0  pt-5\">\n\t\n    <div class=\"row\">\n\n        <div class=\"col-12\">\n            <div class=\"container\">\n                                                    <div class=\"row\">\n                        <div class=\"order-lg-0 order-md-1 order-sm-1 order-1 col-lg-6 col-md-12 col-sm-12 col-12 d-flex flex-column align-items-center justify-content-center position-relative\">\n                            <p class=\"h2 mt-md-0 mt-sm-4 mt-4 big text-center mb-5 wow fadeInDown\">La nostra <span class=\"red\">metodologia<\/span><\/p>\n                                                                                                                    <div class=\"row\">\n                                                                            <div class=\"col-md-6 col-sm-12 col-12 d-flex flex-column align-items-start justify-content-start wow fadeInLeft\" data-wow-delay=\"0s\">\n                                            <img decoding=\"async\" class=\"mb-4 mt-3\" src=\"https:\/\/webimpacto.consulting\/wp-content\/uploads\/2023\/11\/oko.png\" alt=\"\">\n                                            <p class=\"h3 mb-4 small\">Observar<\/p>\n                                            <ul class=\"benefits-list\" role=\"list\">\n<li class=\"benefits-list-item\">\n<p>Necessitats del client<\/p>\n<\/li>\n<li class=\"benefits-list-item\">\n<p>Qu\u00e8 ens demana, qu\u00e8 vol de nosaltres<\/p>\n<\/li>\n<li class=\"benefits-list-item\">\n<p>An\u00e0lisi de la informaci\u00f3 i situaci\u00f3<\/p>\n<\/li>\n<\/ul>\n                                        <\/div>\n                                                                            <div class=\"col-md-6 col-sm-12 col-12 d-flex flex-column align-items-start justify-content-start wow fadeInLeft\" data-wow-delay=\"0.1s\">\n                                            <img decoding=\"async\" class=\"mb-4 mt-3\" src=\"https:\/\/webimpacto.consulting\/wp-content\/uploads\/2023\/11\/light.png\" alt=\"\">\n                                            <p class=\"h3 mb-4 small\">Pensar<\/p>\n                                            <ul class=\"benefits-list\" role=\"list\">\n<li class=\"benefits-list-item\">\n<p>Sabem fer-ho<\/p>\n<\/li>\n<li class=\"benefits-list-item\">\n<p>Quina \u00e9s la forma m\u00e9s eficient de fer-ho<\/p>\n<\/li>\n<li class=\"benefits-list-item\">\n<p>Entra dins de les bones pr\u00e0ctiques de l&#8217;empresa<\/p>\n<\/li>\n<\/ul>\n                                        <\/div>\n                                                                            <div class=\"col-md-6 col-sm-12 col-12 d-flex flex-column align-items-start justify-content-start wow fadeInLeft\" data-wow-delay=\"0.2s\">\n                                            <img decoding=\"async\" class=\"mb-4 mt-3\" src=\"https:\/\/webimpacto.consulting\/wp-content\/uploads\/2023\/11\/actuar.png\" alt=\"\">\n                                            <p class=\"h3 mb-4 small\">Actuar<\/p>\n                                            <ul class=\"benefits-list\" role=\"list\">\n<li class=\"benefits-list-item\">\n<p>An\u00e0lisi d&#8217;impediments per a actuar<\/p>\n<\/li>\n<li class=\"benefits-list-item\">\n<p>Ok per part del client<\/p>\n<\/li>\n<li class=\"benefits-list-item\">\n<p>Pot afectar el negoci del client actuar ara<\/p>\n<\/li>\n<\/ul>\n                                        <\/div>\n                                                                            <div class=\"col-md-6 col-sm-12 col-12 d-flex flex-column align-items-start justify-content-start wow fadeInLeft\" data-wow-delay=\"0.3s\">\n                                            <img decoding=\"async\" class=\"mb-4 mt-3\" src=\"https:\/\/webimpacto.consulting\/wp-content\/uploads\/2023\/11\/like.png\" alt=\"\">\n                                            <p class=\"h3 mb-4 small\">Revisar<\/p>\n                                            <ul class=\"benefits-list\" role=\"list\">\n<li class=\"benefits-list-item\">\n<p>Comprovar que tot funciona correctament<\/p>\n<\/li>\n<li class=\"benefits-list-item\">\n<p>Assegurar-nos d&#8217;haver fet el que volia el client<\/p>\n<\/li>\n<li class=\"benefits-list-item\">\n<p>Millores i canvis si fos necessari<\/p>\n<\/li>\n<\/ul>\n                                        <\/div>\n                                                                    <\/div>\n                                                    <\/div>\n\n                        <div class=\"order-lg-1 order-md-0 order-sm-0 order-0 col-lg-6 col-md-12 col-sm-12 col-12  px-lg-5 px-md-3 px-sm-auto px-auto images-grid single-image-grid\">\n                                                            <img decoding=\"async\" src=\"https:\/\/webimpacto.consulting\/wp-content\/uploads\/2023\/11\/62d10e0a68ea163ca4249abc_david-boss-400x400-5.jpg\" class=\"wow fadeInRight\" alt=\"\">\n                                                    <\/div>\n                    <\/div>\n                            <\/div>\n        <\/div>\n\n\t<\/div>\n\n<\/div>\n\n<div id=\"generic-content\" class=\"container-fluid px-0 my-5 py-lg-4 py-md-2 py-sm-0 py-0\">\n\n    <div class=\"row\">\n\n        <div class=\"col-12\">\n            <div class=\"container\">\n                <div class=\"row\">\n                    <div class=\"col-12 text-center\">\n                                                    <p class=\"h2 mb-4 wow fadeInUp\">\u00c8tica <span class=\"red\">i compliment<\/span><\/p>\n                                                                            <div class=\"wow fadeInUp\">\n                                <p style=\"text-align: left;\">Desitgem comunicar als membres dels nostres grups d&#8217;inter\u00e8s el nostre s\u00f2lid comprom\u00eds amb l&#8217;\u00e8tica, el bon govern corporatiu, el compliance i la dilig\u00e8ncia deguda, aix\u00ed com el nostre plantejament estrat\u00e8gic de situar WIM Group Company i les seves empreses en els est\u00e0ndards m\u00e9s alts en mat\u00e8ria d&#8217;\u00e8tica dels negocis, aix\u00ed com mantenir un alt nivell d&#8217;integritat i professionalitat en l&#8217;exercici de la nostra activitat empresarial.<\/p>\n<p style=\"text-align: left;\">WIM Group Company compta amb el seu propi Codi de Conducta i Bones Pr\u00e0ctiques, que \u00e9s part essencial de la nostra cultura de compliment corporativa i fidel reflex del nostre comprom\u00eds constant amb l&#8217;autoregulaci\u00f3, l&#8217;\u00e8tica, la integritat i la transpar\u00e8ncia. Aix\u00ed mateix, la Direcci\u00f3 del Grup, compromesa amb la societat i amb la m\u00e0xima exig\u00e8ncia en el compliment de les regulacions que ens afecten, ha implementat el seu propi Model d&#8217;Organitzaci\u00f3 i Gesti\u00f3 de Prevenci\u00f3 de Riscos Penals, adaptant-se aix\u00ed al r\u00e8gim de responsabilitat penal de les persones jur\u00eddiques establert al Codi Penal espanyol, aix\u00ed com el seu propi Pla de Prevenci\u00f3 del Frau, la Corrupci\u00f3 i els Conflictes d&#8217;Inter\u00e8s.<\/p>\n<p style=\"text-align: left;\">A m\u00e9s, posem a la disposici\u00f3 de tots els membres dels nostres grups d&#8217;inter\u00e8s el nostre Canal \u00c8tic a trav\u00e9s del qual poden comunicar, de manera estrictament confidencial i fins i tot an\u00f2nima, possibles irregularitats, dubtes, consultes, etc.: <a href=\"https:\/\/canaletico.es\/es\/wimgroup\">https:\/\/canaletico.es\/es\/wimgroup<\/a>. Aquest canal \u00e9s gestionat per una empresa externa d&#8217;experts en Forensic &amp; Compliance que s&#8217;encarrega de garantir els est\u00e0ndards m\u00e9s alts de confidencialitat, imparcialitat i minimitzaci\u00f3 de conflictes d&#8217;inter\u00e8s, abans de traslladar qualsevol expedient al Comit\u00e8 de Compliment. S&#8217;hi pot accedir a les nostres principals normatives i pol\u00edtiques, destacant la Pol\u00edtica sobre Principis d&#8217;Actuaci\u00f3 i Protocol de Gesti\u00f3 del Canal \u00c8tic.<\/p>\n<p style=\"text-align: left;\">Aix\u00ed mateix, tots els membres dels nostres grups d&#8217;inter\u00e8s tenen a la vostra disposici\u00f3 al Comit\u00e8 de Compliment de WIM Group, format per:<\/p>\n<ul style=\"text-align: left;\">\n<li>Direcci\u00f3 de Recursos Humans<\/li>\n<li>Direcci\u00f3 d&#8217;operacions<\/li>\n<li>Controller<\/li>\n<\/ul>\n<p style=\"text-align: left;\">En definitiva, WIM Group Company treballa de manera constant per situar-se a l&#8217;avantguarda del compliment normatiu i l&#8217;\u00e8tica considerant intolerable i expressant formalment la nostra condemna a qualsevol il\u00b7legalitat o comportament que es pugui titllar de no ser socialment responsable o poc \u00e8tic.<\/p>\n                            <\/div>\n                                            <\/div>\n                <\/div>\n            <\/div>\n        <\/div>\n\n    <\/div>\n\n<\/div>\n\n<div id=\"cols-title\" class=\"container-fluid px-0\" style=\"background: url(https:\/\/webimpacto.consulting\/wp-content\/uploads\/2023\/11\/numbers-bg.jpg) center center no-repeat;background-size: cover;background-position: 0 0;\">\n\n    \t\n    <div class=\"row\">\n\n        <div class=\"col-12\">\n            <div class=\"container\">\n                <div class=\"row\">\n                                                                                            <div data-wow-delay=\"0s\" class=\"wow fadeInDown col-lg-3 col-md-6 col-sm-12 col-12 d-flex flex-column align-items-md-start align-items-sm-center align-items-center justify-content-start mb-md-0 mb-sm-4 mb-4 text-center\">\n                                                                                                    <p class=\"h2 w-100 text-center\"><span class=\"red\">+50.000<\/span><\/p>\n                                    <p class=\"boxed-1\" style=\"color: #f5f5f5;\">visites di\u00e0ries en les nostres webs<\/p>\n                                                            <\/div>\n                                                    <div data-wow-delay=\"0.1s\" class=\"wow fadeInDown col-lg-3 col-md-6 col-sm-12 col-12 d-flex flex-column align-items-md-start align-items-sm-center align-items-center justify-content-start mb-md-0 mb-sm-4 mb-4 text-center\">\n                                                                                                    <p class=\"h2 w-100 text-center\"><span class=\"red\">+2.000.000<\/span><\/p>\n                                    <p class=\"boxed-1\" style=\"color: #f5f5f5;\">comandes servides pels nostres clients<\/p>\n                                                            <\/div>\n                                                    <div data-wow-delay=\"0.2s\" class=\"wow fadeInDown col-lg-3 col-md-6 col-sm-12 col-12 d-flex flex-column align-items-md-start align-items-sm-center align-items-center justify-content-start mb-md-0 mb-sm-4 mb-4 text-center\">\n                                                                                                    <p class=\"h2 w-100 text-center\"><span class=\"red\">+15<\/span><\/p>\n                                    <p class=\"boxed-1\" style=\"color: #f5f5f5;\">anys d&#8217;experi\u00e8ncia<\/p>\n                                                            <\/div>\n                                                    <div data-wow-delay=\"0.3s\" class=\"wow fadeInDown col-lg-3 col-md-6 col-sm-12 col-12 d-flex flex-column align-items-md-start align-items-sm-center align-items-center justify-content-start mb-md-0 mb-sm-4 mb-4 text-center\">\n                                                                                                    <p class=\"h2 w-100 text-center\"><span class=\"red\">98%<\/span><\/p>\n                                    <p class=\"boxed-1\" style=\"color: #f5f5f5;\">de clients satisfets o projectes exitosos<\/p>\n                                                            <\/div>\n                                                            <\/div>\n            <\/div>\n        <\/div>\n\n\t<\/div>\n\n<\/div>\n\n<div id=\"about-elite-team\" class=\"container-fluid px-0 \">\n\n            <div class=\"row mb-3\">\n            <div class=\"col-xl-4 col-lg-6 col-md-8 col-sm-12 col-12 offset-xl-4 offset-lg-3 offset-md-2 offset-sm-0 offset-0 text-center\">\n                <h2 class=\"mb-3 wow fadeInDown\">El nostre <span class=\"red\">equip<\/span><\/h2>\n            <\/div>\n        <\/div>\n    \t\n        <div class=\"row members\">\n        <div class=\"col-12\">\n            <div class=\"container\">\n                <div class=\"row\">\n                                                                        <div class=\"col-md-3 col-sm-6 col-6 d-flex flex-column align-items-start justify-content-start position-relative text-center mb-5 wow fadeInUp\">\n                                <div class=\"member-box w-100\" target=\"member-60412\">\n                                    <img decoding=\"async\" src=\"https:\/\/webimpacto.consulting\/wp-content\/uploads\/2023\/10\/david-bn-min.jpg\" alt=\"David Rodr\u00edguez\" \/>\n                                    <p class=\"h4 member-name mt-3 mb-2\">David Rodr\u00edguez<\/p>\n                                    <p class=\"member-position\">Fundador i President<\/p>\n                                <\/div>\n                            <\/div>\n                                                    <div class=\"col-md-3 col-sm-6 col-6 d-flex flex-column align-items-start justify-content-start position-relative text-center mb-5 wow fadeInUp\">\n                                <div class=\"member-box w-100\" target=\"member-60416\">\n                                    <img decoding=\"async\" src=\"https:\/\/webimpacto.consulting\/wp-content\/uploads\/2023\/10\/laura-villa.jpg\" alt=\"Laura Vila\" \/>\n                                    <p class=\"h4 member-name mt-3 mb-2\">Laura Vila<\/p>\n                                    <p class=\"member-position\">VP<\/p>\n                                <\/div>\n                            <\/div>\n                                                    <div class=\"col-md-3 col-sm-6 col-6 d-flex flex-column align-items-start justify-content-start position-relative text-center mb-5 wow fadeInUp\">\n                                <div class=\"member-box w-100\" target=\"member-60376\">\n                                    <img decoding=\"async\" src=\"https:\/\/webimpacto.consulting\/wp-content\/uploads\/2023\/10\/mireia.jpg\" alt=\"Mireia Le\u00f3n\" \/>\n                                    <p class=\"h4 member-name mt-3 mb-2\">Mireia Le\u00f3n<\/p>\n                                    <p class=\"member-position\">Managing Director<\/p>\n                                <\/div>\n                            <\/div>\n                                                    <div class=\"col-md-3 col-sm-6 col-6 d-flex flex-column align-items-start justify-content-start position-relative text-center mb-5 wow fadeInUp\">\n                                <div class=\"member-box w-100\" target=\"member-60380\">\n                                    <img decoding=\"async\" src=\"https:\/\/webimpacto.consulting\/wp-content\/uploads\/2023\/10\/elena-valles.jpg\" alt=\"Elena Vall\u00e9s\" \/>\n                                    <p class=\"h4 member-name mt-3 mb-2\">Elena Vall\u00e9s<\/p>\n                                    <p class=\"member-position\">CMO<\/p>\n                                <\/div>\n                            <\/div>\n                                                    <div class=\"col-md-3 col-sm-6 col-6 d-flex flex-column align-items-start justify-content-start position-relative text-center mb-5 wow fadeInUp\">\n                                <div class=\"member-box w-100\" target=\"member-60384\">\n                                    <img decoding=\"async\" src=\"https:\/\/webimpacto.consulting\/wp-content\/uploads\/2023\/10\/bea-lopez.jpg\" alt=\"Beatriz L\u00f3pez\" \/>\n                                    <p class=\"h4 member-name mt-3 mb-2\">Beatriz L\u00f3pez<\/p>\n                                    <p class=\"member-position\">Deputy Director of Marketing<\/p>\n                                <\/div>\n                            <\/div>\n                                                    <div class=\"col-md-3 col-sm-6 col-6 d-flex flex-column align-items-start justify-content-start position-relative text-center mb-5 wow fadeInUp\">\n                                <div class=\"member-box w-100\" target=\"member-60388\">\n                                    <img decoding=\"async\" src=\"https:\/\/webimpacto.consulting\/wp-content\/uploads\/2023\/10\/arnau-torne.jpg\" alt=\"Arnau Torn\u00e9\" \/>\n                                    <p class=\"h4 member-name mt-3 mb-2\">Arnau Torn\u00e9<\/p>\n                                    <p class=\"member-position\">Business Strategy Director<\/p>\n                                <\/div>\n                            <\/div>\n                                                    <div class=\"col-md-3 col-sm-6 col-6 d-flex flex-column align-items-start justify-content-start position-relative text-center mb-5 wow fadeInUp\">\n                                <div class=\"member-box w-100\" target=\"member-64569\">\n                                    <img decoding=\"async\" src=\"https:\/\/webimpacto.consulting\/wp-content\/uploads\/2024\/08\/valentina.png\" alt=\"Valentina Alejandra P\u00e9rez\" \/>\n                                    <p class=\"h4 member-name mt-3 mb-2\">Valentina Alejandra P\u00e9rez<\/p>\n                                    <p class=\"member-position\">Gestora de Comptes de Mercats<\/p>\n                                <\/div>\n                            <\/div>\n                                                    <div class=\"col-md-3 col-sm-6 col-6 d-flex flex-column align-items-start justify-content-start position-relative text-center mb-5 wow fadeInUp\">\n                                <div class=\"member-box w-100\" target=\"member-64512\">\n                                    <img decoding=\"async\" src=\"https:\/\/webimpacto.consulting\/wp-content\/uploads\/2024\/08\/Bruno-Carmona.webp\" alt=\"Bruno Carmona\" \/>\n                                    <p class=\"h4 member-name mt-3 mb-2\">Bruno Carmona<\/p>\n                                    <p class=\"member-position\">Administratiu<\/p>\n                                <\/div>\n                            <\/div>\n                                                                                        <div class=\"col-12 text-center mt-3 wow fadeInDown\">\n                            <a class=\"btn btn-primary px-5\" target=\"\" href=\"https:\/\/webimpacto.consulting\/ca\/nuestro-equipo\/\">\n                                <span>Veure l&#8217;equip<\/span>\n                            <\/a>\n                        <\/div>\n                                    <\/div>\n            <\/div>\n        <\/div>\n    <\/div>\n\n        <div class=\"row mb-4\">\n        <div class=\"col-12\">\n            <div class=\"container\">\n                <div class=\"row\">\n                    <div class=\"join wow fadeInDown \">\n                        <div class=\"row\">\n                            <div class=\"col-lg-7 col-md-6 col-sm-12 col-12 d-flex flex-column align-items-start justify-content-center position-relative\">\n                                <p class=\"h3\">Vols formar part del nostre equip?<\/p>\n                                <p class=\"mb-0\">A Webimpacto sempre estem buscant nous talents!<\/p>\n                            <\/div>\n                            <div class=\"col-lg-5 col-md-6 col-sm-12 col-12 d-flex align-items-center justify-content-lg-end justify-content-md-center justify-content-sm-center justify-content-center pt-lg-0 pt-md-4 pt-sm-4 pt-4 ps-lg-4 ps-md-3 ps-sm-3 ps-3 position-relative\" style=\"gap: 30px\">\n                                <a href=\"#contactform\" target=\"\" class=\"btn btn-primary clipped inverted btn-email\">\n                                    <span>Contacta&#8217;ns<\/span>\n                                <\/a>\n                            <\/div>\n                        <\/div>\n                    <\/div>\n                <\/div>\n            <\/div>\n        <\/div>\n    <\/div>\n    \n<\/div>\n\n<div id=\"offices\" class=\"container-fluid px-0\">\n\n            <div class=\"row mb-3\">\n            <div class=\"col-xl-4 col-lg-6 col-md-8 col-sm-12 col-12 offset-xl-4 offset-lg-3 offset-md-2 offset-sm-0 offset-0 text-center\">\n                <h2 class=\"mb-3 wow fadeInDown\">Troba les nostres <span class=\"red\">oficines<\/span><\/h2>\n            <\/div>\n        <\/div>\n    \t\n        <div class=\"row offices\">\n        <div class=\"col-12\">\n            <div class=\"container\">\n                <div class=\"row\">\n                                                                        <div class=\"col-md-6 col-sm-12 col-12 d-flex flex-column align-items-start justify-content-start position-relative mb-3\">\n                                <div class=\"office-box w-100 d-flex align-items-center wow justify-content-md-start justify-content-sm-center justify-content-center fadeInLeft\" style=\"background: url(https:\/\/webimpacto.consulting\/wp-content\/uploads\/2023\/11\/office-bcn.webp) center center no-repeat;background-size:cover;\">\n                                    <div class=\"office-white-box d-flex align-items-start justify-content-start flex-column\">\n                                        <h4 class=\"office-name\">Oficina de Barcelona<\/h4>\n                                        <p class=\"office-address\">C\/ Electr\u00f3nica 19, 3A<br \/>\r\n08915, Badalona (Barcelona)<\/p>\n                                        <div class=\"office-phone mb-3\">\n                                            <img decoding=\"async\" src=\"https:\/\/webimpacto.consulting\/wp-content\/themes\/webimpacto\/img\/gray-phone.svg\" alt=\"\"\/>\n                                            <a href=\"tel:+34 93 305 35 83\" class=\"clipped\">+34 93 305 35 83<\/a>\n                                        <\/div>\n                                        <a class=\"btn btn-primary clipped inverted btn-location py-1\" target=\"__blank\" href=\"https:\/\/maps.app.goo.gl\/3w7mhC1YFR9mbsJb9\">\n                                            <span>Com arribar<\/span>\n                                        <\/a>\n                                    <\/div>\n                                <\/div>\n                            <\/div>\n                                                    <div class=\"col-md-6 col-sm-12 col-12 d-flex flex-column align-items-start justify-content-start position-relative mb-3\">\n                                <div class=\"office-box w-100 d-flex align-items-center wow justify-content-md-end justify-content-sm-center justify-content-center fadeInRight\" style=\"background: url(https:\/\/webimpacto.consulting\/wp-content\/uploads\/2023\/11\/office-madrid.webp) center center no-repeat;background-size:cover;\">\n                                    <div class=\"office-white-box d-flex align-items-start justify-content-start flex-column\">\n                                        <h4 class=\"office-name\">Oficina de Madrid<\/h4>\n                                        <p class=\"office-address\">C\/ Plasencia 1-17 (Nave 7)<br \/>\r\n28935, M\u00f3stoles (Madrid)<\/p>\n                                        <div class=\"office-phone mb-3\">\n                                            <img decoding=\"async\" src=\"https:\/\/webimpacto.consulting\/wp-content\/themes\/webimpacto\/img\/gray-phone.svg\" alt=\"\"\/>\n                                            <a href=\"tel:+34 672 022 687 \/ +34 91 548 71 39\" class=\"clipped\">+34 672 022 687 \/ +34 91 548 71 39<\/a>\n                                        <\/div>\n                                        <a class=\"btn btn-primary clipped inverted btn-location py-1\" target=\"__blank\" href=\"https:\/\/maps.app.goo.gl\/r6rCrsYXVKgyBX1R7\">\n                                            <span>Com arribar<\/span>\n                                        <\/a>\n                                    <\/div>\n                                <\/div>\n                            <\/div>\n                                                    <div class=\"col-md-6 col-sm-12 col-12 d-flex flex-column align-items-start justify-content-start position-relative mb-3\">\n                                <div class=\"office-box w-100 d-flex align-items-center wow justify-content-md-start justify-content-sm-center justify-content-center fadeInLeft\" style=\"background: url(https:\/\/webimpacto.consulting\/wp-content\/uploads\/2023\/11\/img-pecs.webp) center center no-repeat;background-size:cover;\">\n                                    <div class=\"office-white-box d-flex align-items-start justify-content-start flex-column\">\n                                        <h4 class=\"office-name\">Oficina de P\u00e9cs<\/h4>\n                                        <p class=\"office-address\">Koller utca 7<br \/>\r\n7626, P\u00e9cs, Baranya (Hungr\u00eda)<\/p>\n                                        <div class=\"office-phone mb-3\">\n                                            <img decoding=\"async\" src=\"https:\/\/webimpacto.consulting\/wp-content\/themes\/webimpacto\/img\/gray-phone.svg\" alt=\"\"\/>\n                                            <a href=\"tel:+36 302 198 855\" class=\"clipped\">+36 302 198 855<\/a>\n                                        <\/div>\n                                        <a class=\"btn btn-primary clipped inverted btn-location py-1\" target=\"__blank\" href=\"https:\/\/goo.gl\/maps\/z5NRYyrLWZ32ux3D7\">\n                                            <span>Com arribar<\/span>\n                                        <\/a>\n                                    <\/div>\n                                <\/div>\n                            <\/div>\n                                                            <\/div>\n            <\/div>\n        <\/div>\n    <\/div>\n    \n<\/div>","protected":false},"excerpt":{"rendered":"","protected":false},"author":1,"featured_media":0,"parent":0,"menu_order":0,"comment_status":"closed","ping_status":"closed","template":"","meta":{"_acf_changed":false,"inline_featured_image":false,"footnotes":""},"class_list":["post-60816","page","type-page","status-publish","hentry"],"acf":[],"yoast_head":"<!-- This site is optimized with the Yoast SEO plugin v25.7 - https:\/\/yoast.com\/wordpress\/plugins\/seo\/ -->\n<title>El nostre Equip - Experts en eCommerce - Webimpacto<\/title>\n<meta name=\"description\" content=\"Som una consultora estrat\u00e8gica de serveis de tecnologia i m\u00e0rqueting digital que treballa per a fer rendible el teu negoci.\" \/>\n<meta name=\"robots\" content=\"index, follow, max-snippet:-1, max-image-preview:large, max-video-preview:-1\" \/>\n<link rel=\"canonical\" href=\"https:\/\/webimpacto.consulting\/ca\/sobre-nosaltres\/\" \/>\n<meta property=\"og:locale\" content=\"ca_ES\" \/>\n<meta property=\"og:type\" content=\"article\" \/>\n<meta property=\"og:title\" content=\"El nostre Equip - Experts en eCommerce - Webimpacto\" \/>\n<meta property=\"og:description\" content=\"Som una consultora estrat\u00e8gica de serveis de tecnologia i m\u00e0rqueting digital que treballa per a fer rendible el teu negoci.\" \/>\n<meta property=\"og:url\" content=\"https:\/\/webimpacto.consulting\/ca\/sobre-nosaltres\/\" \/>\n<meta property=\"og:site_name\" content=\"Webimpacto\" \/>\n<meta property=\"article:modified_time\" content=\"2025-12-22T15:15:54+00:00\" \/>\n<meta property=\"og:image\" content=\"https:\/\/webimpacto.consulting\/wp-content\/uploads\/2023\/11\/screenshot.png\" \/>\n\t<meta property=\"og:image:width\" content=\"1421\" \/>\n\t<meta property=\"og:image:height\" content=\"774\" \/>\n\t<meta property=\"og:image:type\" content=\"image\/png\" \/>\n<meta name=\"twitter:card\" content=\"summary_large_image\" \/>\n<script type=\"application\/ld+json\" class=\"yoast-schema-graph\">{\"@context\":\"https:\/\/schema.org\",\"@graph\":[{\"@type\":\"WebPage\",\"@id\":\"https:\/\/webimpacto.consulting\/ca\/sobre-nosaltres\/\",\"url\":\"https:\/\/webimpacto.consulting\/ca\/sobre-nosaltres\/\",\"name\":\"El nostre Equip - Experts en eCommerce - Webimpacto\",\"isPartOf\":{\"@id\":\"https:\/\/webimpacto.consulting\/ca\/#website\"},\"datePublished\":\"2023-10-23T13:11:00+00:00\",\"dateModified\":\"2025-12-22T15:15:54+00:00\",\"description\":\"Som una consultora estrat\u00e8gica de serveis de tecnologia i m\u00e0rqueting digital que treballa per a fer rendible el teu negoci.\",\"breadcrumb\":{\"@id\":\"https:\/\/webimpacto.consulting\/ca\/sobre-nosaltres\/#breadcrumb\"},\"inLanguage\":\"ca\",\"potentialAction\":[{\"@type\":\"ReadAction\",\"target\":[\"https:\/\/webimpacto.consulting\/ca\/sobre-nosaltres\/\"]}]},{\"@type\":\"BreadcrumbList\",\"@id\":\"https:\/\/webimpacto.consulting\/ca\/sobre-nosaltres\/#breadcrumb\",\"itemListElement\":[{\"@type\":\"ListItem\",\"position\":1,\"name\":\"Portada\",\"item\":\"https:\/\/webimpacto.consulting\/ca\/\"},{\"@type\":\"ListItem\",\"position\":2,\"name\":\"Sobre nosaltres\"}]},{\"@type\":\"WebSite\",\"@id\":\"https:\/\/webimpacto.consulting\/ca\/#website\",\"url\":\"https:\/\/webimpacto.consulting\/ca\/\",\"name\":\"Webimpacto Consulting S.L.\",\"description\":\"Consultora Estrat\u00e8gica de Negoci Digital\",\"publisher\":{\"@id\":\"https:\/\/webimpacto.consulting\/ca\/#organization\"},\"potentialAction\":[{\"@type\":\"SearchAction\",\"target\":{\"@type\":\"EntryPoint\",\"urlTemplate\":\"https:\/\/webimpacto.consulting\/ca\/?s={search_term_string}\"},\"query-input\":{\"@type\":\"PropertyValueSpecification\",\"valueRequired\":true,\"valueName\":\"search_term_string\"}}],\"inLanguage\":\"ca\"},{\"@type\":\"Organization\",\"@id\":\"https:\/\/webimpacto.consulting\/ca\/#organization\",\"name\":\"Webimpacto Consulting S.L.\",\"url\":\"https:\/\/webimpacto.consulting\/ca\/\",\"logo\":{\"@type\":\"ImageObject\",\"inLanguage\":\"ca\",\"@id\":\"https:\/\/webimpacto.consulting\/ca\/#\/schema\/logo\/image\/\",\"url\":\"https:\/\/webimpacto.consulting\/wp-content\/uploads\/2023\/10\/logo-color.svg\",\"contentUrl\":\"https:\/\/webimpacto.consulting\/wp-content\/uploads\/2023\/10\/logo-color.svg\",\"width\":223,\"height\":29,\"caption\":\"Webimpacto Consulting S.L.\"},\"image\":{\"@id\":\"https:\/\/webimpacto.consulting\/ca\/#\/schema\/logo\/image\/\"},\"sameAs\":[\"https:\/\/www.linkedin.com\/company\/webimpacto-consulting-sl\/\"]}]}<\/script>\n<!-- \/ Yoast SEO plugin. -->","yoast_head_json":{"title":"El nostre Equip - Experts en eCommerce - Webimpacto","description":"Som una consultora estrat\u00e8gica de serveis de tecnologia i m\u00e0rqueting digital que treballa per a fer rendible el teu negoci.","robots":{"index":"index","follow":"follow","max-snippet":"max-snippet:-1","max-image-preview":"max-image-preview:large","max-video-preview":"max-video-preview:-1"},"canonical":"https:\/\/webimpacto.consulting\/ca\/sobre-nosaltres\/","og_locale":"ca_ES","og_type":"article","og_title":"El nostre Equip - Experts en eCommerce - Webimpacto","og_description":"Som una consultora estrat\u00e8gica de serveis de tecnologia i m\u00e0rqueting digital que treballa per a fer rendible el teu negoci.","og_url":"https:\/\/webimpacto.consulting\/ca\/sobre-nosaltres\/","og_site_name":"Webimpacto","article_modified_time":"2025-12-22T15:15:54+00:00","og_image":[{"width":1421,"height":774,"url":"https:\/\/webimpacto.consulting\/wp-content\/uploads\/2023\/11\/screenshot.png","type":"image\/png"}],"twitter_card":"summary_large_image","schema":{"@context":"https:\/\/schema.org","@graph":[{"@type":"WebPage","@id":"https:\/\/webimpacto.consulting\/ca\/sobre-nosaltres\/","url":"https:\/\/webimpacto.consulting\/ca\/sobre-nosaltres\/","name":"El nostre Equip - Experts en eCommerce - Webimpacto","isPartOf":{"@id":"https:\/\/webimpacto.consulting\/ca\/#website"},"datePublished":"2023-10-23T13:11:00+00:00","dateModified":"2025-12-22T15:15:54+00:00","description":"Som una consultora estrat\u00e8gica de serveis de tecnologia i m\u00e0rqueting digital que treballa per a fer rendible el teu negoci.","breadcrumb":{"@id":"https:\/\/webimpacto.consulting\/ca\/sobre-nosaltres\/#breadcrumb"},"inLanguage":"ca","potentialAction":[{"@type":"ReadAction","target":["https:\/\/webimpacto.consulting\/ca\/sobre-nosaltres\/"]}]},{"@type":"BreadcrumbList","@id":"https:\/\/webimpacto.consulting\/ca\/sobre-nosaltres\/#breadcrumb","itemListElement":[{"@type":"ListItem","position":1,"name":"Portada","item":"https:\/\/webimpacto.consulting\/ca\/"},{"@type":"ListItem","position":2,"name":"Sobre nosaltres"}]},{"@type":"WebSite","@id":"https:\/\/webimpacto.consulting\/ca\/#website","url":"https:\/\/webimpacto.consulting\/ca\/","name":"Webimpacto Consulting S.L.","description":"Consultora Estrat\u00e8gica de Negoci Digital","publisher":{"@id":"https:\/\/webimpacto.consulting\/ca\/#organization"},"potentialAction":[{"@type":"SearchAction","target":{"@type":"EntryPoint","urlTemplate":"https:\/\/webimpacto.consulting\/ca\/?s={search_term_string}"},"query-input":{"@type":"PropertyValueSpecification","valueRequired":true,"valueName":"search_term_string"}}],"inLanguage":"ca"},{"@type":"Organization","@id":"https:\/\/webimpacto.consulting\/ca\/#organization","name":"Webimpacto Consulting S.L.","url":"https:\/\/webimpacto.consulting\/ca\/","logo":{"@type":"ImageObject","inLanguage":"ca","@id":"https:\/\/webimpacto.consulting\/ca\/#\/schema\/logo\/image\/","url":"https:\/\/webimpacto.consulting\/wp-content\/uploads\/2023\/10\/logo-color.svg","contentUrl":"https:\/\/webimpacto.consulting\/wp-content\/uploads\/2023\/10\/logo-color.svg","width":223,"height":29,"caption":"Webimpacto Consulting S.L."},"image":{"@id":"https:\/\/webimpacto.consulting\/ca\/#\/schema\/logo\/image\/"},"sameAs":["https:\/\/www.linkedin.com\/company\/webimpacto-consulting-sl\/"]}]}},"_links":{"self":[{"href":"https:\/\/webimpacto.consulting\/ca\/wp-json\/wp\/v2\/pages\/60816","targetHints":{"allow":["GET"]}}],"collection":[{"href":"https:\/\/webimpacto.consulting\/ca\/wp-json\/wp\/v2\/pages"}],"about":[{"href":"https:\/\/webimpacto.consulting\/ca\/wp-json\/wp\/v2\/types\/page"}],"author":[{"embeddable":true,"href":"https:\/\/webimpacto.consulting\/ca\/wp-json\/wp\/v2\/users\/1"}],"replies":[{"embeddable":true,"href":"https:\/\/webimpacto.consulting\/ca\/wp-json\/wp\/v2\/comments?post=60816"}],"version-history":[{"count":1,"href":"https:\/\/webimpacto.consulting\/ca\/wp-json\/wp\/v2\/pages\/60816\/revisions"}],"predecessor-version":[{"id":68904,"href":"https:\/\/webimpacto.consulting\/ca\/wp-json\/wp\/v2\/pages\/60816\/revisions\/68904"}],"wp:attachment":[{"href":"https:\/\/webimpacto.consulting\/ca\/wp-json\/wp\/v2\/media?parent=60816"}],"curies":[{"name":"wp","href":"https:\/\/api.w.org\/{rel}","templated":true}]}}